{"id":3,"date":"2008-04-16T20:04:11","date_gmt":"2008-04-16T20:04:11","guid":{"rendered":"http:\/\/www.fundacoromoto.org\/?page_id=3"},"modified":"2008-04-28T20:24:04","modified_gmt":"2008-04-28T20:24:04","slug":"%c2%bfquienes-somos","status":"publish","type":"page","link":"http:\/\/www.fundacoromoto.org\/?page_id=3","title":{"rendered":"\u00bfQuienes somos?"},"content":{"rendered":"<p style=\"text-align: justify;\"><strong>CREACI\u00d3N LA FUNDACI\u00d3N VIRGEN DE COROMOTO DE CIUDAD GUAYANA<\/strong><\/p>\n<p style=\"text-align: justify;\">El domingo 15 de mayo de 2005, qued\u00f3 formalmente establecida e inici\u00f3 sus actividades la \u201cFundaci\u00f3n Virgen de Coromoto\u201d, el acto se realiz\u00f3 con una misa que se celebr\u00f3 en la Iglesia Nuestra Se\u00f1ora de F\u00e1tima del Centro C\u00edvico de Puerto Ordaz.<\/p>\n<p style=\"text-align: justify;\">La Fundaci\u00f3n est\u00e1 conformada por el Obispo Monse\u00f1or Mariano Jos\u00e9 Parra, el Padre Frank M\u00e1rquez, el empresario y artista Sr. Tyrone Serrao (Presidente de la Fundaci\u00f3n), El Dr. Gustavo Adolfo Blanco, el Sr. Antonio Dongoroz, Marcos Leal, Miguel Serrao, Lucia Malav\u00e9, Mar\u00eda Antonieta Pucci y Jos\u00e9 Luis Mocinos.<\/p>\n<p style=\"text-align: justify;\">El objetivo de esta fundaci\u00f3n es de poner en marcha una serie de actividades para promover la cultura y organizaci\u00f3n civil, as\u00ed como tambi\u00e9n recaudar fondos para facilitar las actividades a trav\u00e9s de la Iglesia en funci\u00f3n de la comunidad y la ayuda en los hospitales.<\/p>\n<p style=\"text-align: justify;\">Tambi\u00e9n se prev\u00e9 la b\u00fasqueda de soluciones a la situaci\u00f3n de los ind\u00edgenas de nuestra regi\u00f3n que actualmente reflejan pobreza a trav\u00e9s de la organizaci\u00f3n y estimulo al trabajo creativo y comercio de sus actividades de manualidades e interrelacionarlos a la sociedad organizada.<\/p>\n<p style=\"text-align: justify;\">El Sr. Tyrone Serrao y el Sr. Gustavo Blanco son miembros fundadores de la Asociaci\u00f3n Civil de F\u00fatbol de Los Olivos, organizaci\u00f3n\u00a0 que actualmente est\u00e1 en operaci\u00f3n educando a unos 360 ni\u00f1os de las zonas aleda\u00f1as de menores recursos.<\/p>\n<p style=\"text-align: justify;\">\n\t\t<style type=\"text\/css\">\n\t\t\t#gallery-1 {\n\t\t\t\tmargin: auto;\n\t\t\t}\n\t\t\t#gallery-1 .gallery-item {\n\t\t\t\tfloat: left;\n\t\t\t\tmargin-top: 10px;\n\t\t\t\ttext-align: center;\n\t\t\t\twidth: 33%;\n\t\t\t}\n\t\t\t#gallery-1 img {\n\t\t\t\tborder: 2px solid #cfcfcf;\n\t\t\t}\n\t\t\t#gallery-1 .gallery-caption {\n\t\t\t\tmargin-left: 0;\n\t\t\t}\n\t\t\t\/* see gallery_shortcode() in wp-includes\/media.php *\/\n\t\t<\/style>\n\t\t<div id='gallery-1' class='gallery galleryid-3 gallery-columns-3 gallery-size-thumbnail'><dl class='gallery-item'>\n\t\t\t<dt class='gallery-icon landscape'>\n\t\t\t\t<a href='http:\/\/www.fundacoromoto.org\/?attachment_id=9'><img width=\"150\" height=\"150\" src=\"http:\/\/www.fundacoromoto.org\/wp-content\/uploads\/2008\/04\/aso_virgen_de_coromoto-02-150x150.jpg\" class=\"attachment-thumbnail size-thumbnail\" alt=\"\" loading=\"lazy\" \/><\/a>\n\t\t\t<\/dt><\/dl><dl class='gallery-item'>\n\t\t\t<dt class='gallery-icon landscape'>\n\t\t\t\t<a href='http:\/\/www.fundacoromoto.org\/?attachment_id=10'><img width=\"150\" height=\"150\" src=\"http:\/\/www.fundacoromoto.org\/wp-content\/uploads\/2008\/04\/aso_virgen_de_coromoto-03-150x150.jpg\" class=\"attachment-thumbnail size-thumbnail\" alt=\"\" loading=\"lazy\" \/><\/a>\n\t\t\t<\/dt><\/dl><dl class='gallery-item'>\n\t\t\t<dt class='gallery-icon landscape'>\n\t\t\t\t<a href='http:\/\/www.fundacoromoto.org\/?attachment_id=11'><img width=\"150\" height=\"150\" src=\"http:\/\/www.fundacoromoto.org\/wp-content\/uploads\/2008\/04\/aso_virgen_de_coromoto-04-150x150.jpg\" class=\"attachment-thumbnail size-thumbnail\" alt=\"\" loading=\"lazy\" \/><\/a>\n\t\t\t<\/dt><\/dl><br style=\"clear: both\" \/>\n\t\t<\/div>\n<\/p>\n","protected":false},"excerpt":{"rendered":"<p>CREACI\u00d3N LA FUNDACI\u00d3N VIRGEN DE COROMOTO DE CIUDAD GUAYANA El domingo 15 de mayo de 2005, qued\u00f3 formalmente establecida e inici\u00f3 sus actividades la \u201cFundaci\u00f3n Virgen de Coromoto\u201d, el acto se realiz\u00f3 con una misa que se celebr\u00f3 en la Iglesia Nuestra Se\u00f1ora de F\u00e1tima del Centro C\u00edvico de Puerto Ordaz. La Fundaci\u00f3n est\u00e1 conformada [&hellip;]<\/p>\n","protected":false},"author":1,"featured_media":0,"parent":0,"menu_order":2,"comment_status":"open","ping_status":"open","template":"","meta":[],"_links":{"self":[{"href":"http:\/\/www.fundacoromoto.org\/index.php?rest_route=\/wp\/v2\/pages\/3"}],"collection":[{"href":"http:\/\/www.fundacoromoto.org\/index.php?rest_route=\/wp\/v2\/pages"}],"about":[{"href":"http:\/\/www.fundacoromoto.org\/index.php?rest_route=\/wp\/v2\/types\/page"}],"author":[{"embeddable":true,"href":"http:\/\/www.fundacoromoto.org\/index.php?rest_route=\/wp\/v2\/users\/1"}],"replies":[{"embeddable":true,"href":"http:\/\/www.fundacoromoto.org\/index.php?rest_route=%2Fwp%2Fv2%2Fcomments&post=3"}],"version-history":[{"count":0,"href":"http:\/\/www.fundacoromoto.org\/index.php?rest_route=\/wp\/v2\/pages\/3\/revisions"}],"wp:attachment":[{"href":"http:\/\/www.fundacoromoto.org\/index.php?rest_route=%2Fwp%2Fv2%2Fmedia&parent=3"}],"curies":[{"name":"wp","href":"https:\/\/api.w.org\/{rel}","templated":true}]}}